{"id":445,"date":"2025-08-26T13:51:10","date_gmt":"2025-08-26T16:51:10","guid":{"rendered":"https:\/\/www.finisterratopo.com\/?page_id=445"},"modified":"2025-08-27T12:46:18","modified_gmt":"2025-08-27T15:46:18","slug":"historia","status":"publish","type":"page","link":"https:\/\/www.finisterratopo.com\/?page_id=445","title":{"rendered":"Hist\u00f3ria"},"content":{"rendered":"\t\t<div data-elementor-type=\"wp-page\" data-elementor-id=\"445\" class=\"elementor elementor-445\" data-elementor-settings=\"[]\">\r\n\t\t\t\t\t\t\t<div class=\"elementor-section-wrap\">\r\n\t\t\t\t\t\t\t<section class=\"elementor-section elementor-top-section elementor-element elementor-element-297c06b elementor-section-boxed elementor-section-height-default elementor-section-height-default\" data-id=\"297c06b\" data-element_type=\"section\" id=\"unidade\">\r\n\t\t\t\t\t\t<div class=\"elementor-container elementor-column-gap-default\">\r\n\t\t\t\t\t<div class=\"elementor-column elementor-col-50 elementor-top-column elementor-element elementor-element-e752383\" data-id=\"e752383\" data-element_type=\"column\">\r\n\t\t\t<div class=\"elementor-widget-wrap elementor-element-populated\">\r\n\t\t\t\t\t\t\t\t<div class=\"elementor-element elementor-element-7ef94e7 animated-slow elementor-invisible elementor-widget elementor-widget-heading\" data-id=\"7ef94e7\" data-element_type=\"widget\" data-settings=\"{&quot;_animation&quot;:&quot;fadeInRight&quot;}\" data-widget_type=\"heading.default\">\r\n\t\t\t\t<div class=\"elementor-widget-container\">\r\n\t\t\t<h2 class=\"elementor-heading-title elementor-size-default\">Hist\u00f3ria<\/h2>\t\t<\/div>\r\n\t\t\t\t<\/div>\r\n\t\t\t\t<div class=\"elementor-element elementor-element-a7b7173 elementor-widget elementor-widget-text-editor\" data-id=\"a7b7173\" data-element_type=\"widget\" data-widget_type=\"text-editor.default\">\r\n\t\t\t\t<div class=\"elementor-widget-container\">\r\n\t\t\t\t\t\t\t\t<p>AS ORIGENS<\/p>\t\t\t\t\t\t<\/div>\r\n\t\t\t\t<\/div>\r\n\t\t\t\t<div class=\"elementor-element elementor-element-6796145 elementor-widget elementor-widget-text-editor\" data-id=\"6796145\" data-element_type=\"widget\" data-widget_type=\"text-editor.default\">\r\n\t\t\t\t<div class=\"elementor-widget-container\">\r\n\t\t\t\t\t\t\t\t<p>A\u00a0<strong>Finisterra \u2013 Cooperativa de Lactic\u00ednios do Topo, CRL<\/strong>\u00a0foi fundada a 22 de Maio de 1944, constituindo-se desde ent\u00e3o como uma institui\u00e7\u00e3o de primeira linha local em termos econ\u00f3micos, mas tamb\u00e9m sociais e at\u00e9 culturais, assumindo a promo\u00e7\u00e3o da cultura do cooperativismo junto da nossa comunidade.<\/p><p>Foram fundadores da institui\u00e7\u00e3o: Germano Jos\u00e9 Gomes, Jos\u00e9 Tomas Nunes, Manuel Silveira Gon\u00e7alves, Ant\u00f3nio Joaquim dos Reis, Manuel Mendon\u00e7a e \u00c1vila, Jo\u00e3o Alves dos Ramos, Guilherme Lu\u00eds de Oliveira, Jo\u00e3o Silveira de Azevedo, Jos\u00e9 Nunes Belo, Manuel C\u00e2ndido de Matos, Victor Bettencourt Brasil, Ant\u00f3nio Joaquim Francisco, Jos\u00e9 Brasil Aguiar e Ant\u00f3nio Silveira Leonardo.<\/p><p>Deste grupo de associados-fundadores saiu a primeira Dire\u00e7\u00e3o, que deu corpo a uma ideia generosa de partilha numa comunidade afastada dos centros principais, mesmo em S. Jorge \u2013 sobretudo \u00e0 altura \u2013 e por isso necessitada de estimular a auto-ajuda at\u00e9 como forma essencial de sobreviv\u00eancia. Foram Presidentes da Dire\u00e7\u00e3o desta casa desde a sua funda\u00e7\u00e3o: Germano Jos\u00e9 Gomes, Manuel Mendon\u00e7a e \u00c1vila, Jos\u00e9 Joaquim Borges Jr., Jos\u00e9 Tom\u00e1s Ramos, Jos\u00e9 Tom\u00e1s Nunes, Jos\u00e9 Lu\u00eds Coelho, Manuel dos Santos Silveira, Louren\u00e7o Ventura da Silveira e Jos\u00e9 Leovegildo Sousa Azevedo.<\/p>\t\t\t\t\t\t<\/div>\r\n\t\t\t\t<\/div>\r\n\t\t\t\t<div class=\"elementor-element elementor-element-0c92ee4 elementor-widget elementor-widget-text-editor\" data-id=\"0c92ee4\" data-element_type=\"widget\" data-widget_type=\"text-editor.default\">\r\n\t\t\t\t<div class=\"elementor-widget-container\">\r\n\t\t\t\t\t\t\t\t<p>OS ANTECEDENTES<\/p>\t\t\t\t\t\t<\/div>\r\n\t\t\t\t<\/div>\r\n\t\t\t\t<div class=\"elementor-element elementor-element-90e9a66 elementor-widget elementor-widget-text-editor\" data-id=\"90e9a66\" data-element_type=\"widget\" data-widget_type=\"text-editor.default\">\r\n\t\t\t\t<div class=\"elementor-widget-container\">\r\n\t\t\t\t\t\t\t\t<p>A\u00a0<strong>Finisterra \u2013 Cooperativa de Lactic\u00ednios do Topo, CRL<\/strong>\u00a0\u00e9 herdeira duma tradi\u00e7\u00e3o de associativismo na qual sobressai, tanto quanto \u00e9 poss\u00edvel recuar por exerc\u00edcio de mem\u00f3ria, uma pequena f\u00e1brica particular existente no lugar do Lameiro, arrendada por Manuel Constantino Borba e que funcionou sem estatutos e sem estar legalizada.<\/p><p>A nossa cooperativa nasce, entretanto, em 1944 por a\u00e7\u00e3o de um grupo de lavradores que se apressam a elaborar e aprovar os estatutos, legalizando assim a entidade. Em simult\u00e2neo funcionava em Santo Ant\u00e3o uma sociedade particular denominada Nova Alian\u00e7a e cujos propriet\u00e1rios eram: Jos\u00e9 Borges, Amaro Coelho, Manuel Oliveira, Jo\u00e3o Ant\u00f3nio, Manuel Teixeira (de St\u00aa Rosa), Jo\u00e3o da Ponta, Manuel Teixeira, pai (da Ribeirinha), Jaime Teixeira e Jaiminho (da Urzelina).<\/p><p>As duas entidades fundem-se no ano de 1947, juntando-se no primeiro edif\u00edcio da\u00a0<strong>Finisterra \u2013 Cooperativa de Lactic\u00ednios do Topo, CRL<\/strong>\u00a0onde at\u00e9 ent\u00e3o funcionava a Nova Alian\u00e7a. No local ergue-se hoje a Igreja de Santo Ant\u00e3o.<\/p>\t\t\t\t\t\t<\/div>\r\n\t\t\t\t<\/div>\r\n\t\t\t\t<div class=\"elementor-element elementor-element-76f5d1c elementor-widget elementor-widget-text-editor\" data-id=\"76f5d1c\" data-element_type=\"widget\" data-widget_type=\"text-editor.default\">\r\n\t\t\t\t<div class=\"elementor-widget-container\">\r\n\t\t\t\t\t\t\t\t<p>OS MOMENTOS MARCANTES<\/p>\t\t\t\t\t\t<\/div>\r\n\t\t\t\t<\/div>\r\n\t\t\t\t<div class=\"elementor-element elementor-element-eb9958c elementor-widget elementor-widget-text-editor\" data-id=\"eb9958c\" data-element_type=\"widget\" data-widget_type=\"text-editor.default\">\r\n\t\t\t\t<div class=\"elementor-widget-container\">\r\n\t\t\t\t\t\t\t\t<p>Outro dos momentos marcantes na vida da cooperativa \u00e9 a delibera\u00e7\u00e3o da Assembleia Geral, tomada em 1984, de construir uma nova f\u00e1brica na Ribeira das Lix\u00edvias, que foi inaugurada a 15 de Agosto de 1986. Entretanto ultrapassada em termos quantitativos e qualitativos, face \u00e0 din\u00e2mica de produ\u00e7\u00e3o de leite dos associados e tendo presente a evolu\u00e7\u00e3o do conhecimento, das tecnologias e das exig\u00eancia do mercado, a f\u00e1brica teve que ser substitu\u00edda, o que aconteceu a partir de uma nova delibera\u00e7\u00e3o da Assembleia Geral, esta de 2005, tendo a nova unidade fabril sido inaugurada a 05 de Agosto de 2009.<\/p><p>O ano de 2003 \u00e9 marcante na vida da\u00a0<strong>Finisterra \u2013 Cooperativa de Lactic\u00ednios do Topo,CRL<\/strong>\u00a0uma vez que nessa data \u00e9 extinto em definitivo o sistema arcaico de recolha de leite baseado em postos espalhados pela Zona do Topo, todos de constru\u00e7\u00e3o anterior a 1958, excepto o do Cruzal, que foi constru\u00eddo nesse ano. A entrega direta de leite na f\u00e1brica, sistema que substitui os postos, introduz um potencial de ganhos de qualidade que era imposs\u00edvel com o ultrapassado sistema anterior.<\/p>\t\t\t\t\t\t<\/div>\r\n\t\t\t\t<\/div>\r\n\t\t\t\t<div class=\"elementor-element elementor-element-b6906c2 elementor-widget elementor-widget-text-editor\" data-id=\"b6906c2\" data-element_type=\"widget\" data-widget_type=\"text-editor.default\">\r\n\t\t\t\t<div class=\"elementor-widget-container\">\r\n\t\t\t\t\t\t\t\t<p>A CAMINHO DO FUTURO<\/p>\t\t\t\t\t\t<\/div>\r\n\t\t\t\t<\/div>\r\n\t\t\t\t<div class=\"elementor-element elementor-element-62ac3e6 elementor-widget elementor-widget-text-editor\" data-id=\"62ac3e6\" data-element_type=\"widget\" data-widget_type=\"text-editor.default\">\r\n\t\t\t\t<div class=\"elementor-widget-container\">\r\n\t\t\t\t\t\t\t\t<p>Com a sua nova unidade fabril, a\u00a0<strong>Finisterra \u2013 Cooperativa de Lactic\u00ednios do Topo, CRL<\/strong>\u00a0passa a estar equipada com uma f\u00e1brica constru\u00edda de raiz, projetada com vis\u00e3o de futuro e equipada com material de ponta indicado para a labora\u00e7\u00e3o de leite cru e sua transforma\u00e7\u00e3o em queijo com garantia m\u00e1xima de qualidade.<\/p><p>A nova f\u00e1brica foi projetada para garantir a produ\u00e7\u00e3o generalizada de queijo de alta qualidade, capaz n\u00e3o s\u00f3 de competir nos mercados portugu\u00eas e europeu, mas tamb\u00e9m no exigente e interessante mercado norte-americano \u2013 aqui n\u00e3o apenas no chamado \u201cmercado da saudade\u201d (o mercado dos emigrantes a\u00e7orianos), mas no mercado global dos Estados Unidos e Canad\u00e1.<\/p>\t\t\t\t\t\t<\/div>\r\n\t\t\t\t<\/div>\r\n\t\t\t\t<div class=\"elementor-element elementor-element-ee8a7a1 elementor-widget elementor-widget-text-editor\" data-id=\"ee8a7a1\" data-element_type=\"widget\" data-widget_type=\"text-editor.default\">\r\n\t\t\t\t<div class=\"elementor-widget-container\">\r\n\t\t\t\t\t\t\t\t<p>OS FUNDADORES DA FINISTERRA<\/p>\t\t\t\t\t\t<\/div>\r\n\t\t\t\t<\/div>\r\n\t\t\t\t<div class=\"elementor-element elementor-element-7f7cdae elementor-widget elementor-widget-image-gallery\" data-id=\"7f7cdae\" data-element_type=\"widget\" data-widget_type=\"image-gallery.default\">\r\n\t\t\t\t<div class=\"elementor-widget-container\">\r\n\t\t\t\t\t<div class=\"elementor-image-gallery\">\r\n\t\t\t<div id='gallery-1' class='gallery galleryid-445 gallery-columns-4 gallery-size-thumbnail'><figure class='gallery-item'>\n\t\t\t<div class='gallery-icon portrait'>\n\t\t\t\t<a data-elementor-open-lightbox=\"yes\" data-elementor-lightbox-slideshow=\"7f7cdae\" data-elementor-lightbox-title=\"GermanoGomes\" href='https:\/\/www.finisterratopo.com\/wp-content\/uploads\/2025\/08\/GermanoGomes.jpg'><img loading=\"lazy\" decoding=\"async\" width=\"102\" height=\"150\" src=\"https:\/\/www.finisterratopo.com\/wp-content\/uploads\/2025\/08\/GermanoGomes-102x150.jpg\" class=\"attachment-thumbnail size-thumbnail\" alt=\"\" aria-describedby=\"gallery-1-449\" \/><\/a>\n\t\t\t<\/div>\n\t\t\t\t<figcaption class='wp-caption-text gallery-caption' id='gallery-1-449'>\n\t\t\t\tGermano Jos\u00e9 Nunes\n\t\t\t\t<\/figcaption><\/figure><figure class='gallery-item'>\n\t\t\t<div class='gallery-icon portrait'>\n\t\t\t\t<a data-elementor-open-lightbox=\"yes\" data-elementor-lightbox-slideshow=\"7f7cdae\" data-elementor-lightbox-title=\"JoseNunes\" href='https:\/\/www.finisterratopo.com\/wp-content\/uploads\/2025\/08\/JoseNunes.jpg'><img loading=\"lazy\" decoding=\"async\" width=\"102\" height=\"150\" src=\"https:\/\/www.finisterratopo.com\/wp-content\/uploads\/2025\/08\/JoseNunes-102x150.jpg\" class=\"attachment-thumbnail size-thumbnail\" alt=\"\" aria-describedby=\"gallery-1-455\" \/><\/a>\n\t\t\t<\/div>\n\t\t\t\t<figcaption class='wp-caption-text gallery-caption' id='gallery-1-455'>\n\t\t\t\tJos\u00e9 Tom\u00e1s Nunes\n\t\t\t\t<\/figcaption><\/figure><figure class='gallery-item'>\n\t\t\t<div class='gallery-icon portrait'>\n\t\t\t\t<a data-elementor-open-lightbox=\"yes\" data-elementor-lightbox-slideshow=\"7f7cdae\" data-elementor-lightbox-title=\"ManuelGoncalves\" href='https:\/\/www.finisterratopo.com\/wp-content\/uploads\/2025\/08\/ManuelGoncalves.jpg'><img loading=\"lazy\" decoding=\"async\" width=\"102\" height=\"150\" src=\"https:\/\/www.finisterratopo.com\/wp-content\/uploads\/2025\/08\/ManuelGoncalves-102x150.jpg\" class=\"attachment-thumbnail size-thumbnail\" alt=\"\" aria-describedby=\"gallery-1-457\" \/><\/a>\n\t\t\t<\/div>\n\t\t\t\t<figcaption class='wp-caption-text gallery-caption' id='gallery-1-457'>\n\t\t\t\tManuel Silveira Gon\u00e7alves\n\t\t\t\t<\/figcaption><\/figure><figure class='gallery-item'>\n\t\t\t<div class='gallery-icon portrait'>\n\t\t\t\t<a data-elementor-open-lightbox=\"yes\" data-elementor-lightbox-slideshow=\"7f7cdae\" data-elementor-lightbox-title=\"AntonioReis\" href='https:\/\/www.finisterratopo.com\/wp-content\/uploads\/2025\/08\/AntonioReis.jpg'><img loading=\"lazy\" decoding=\"async\" width=\"102\" height=\"150\" src=\"https:\/\/www.finisterratopo.com\/wp-content\/uploads\/2025\/08\/AntonioReis-102x150.jpg\" class=\"attachment-thumbnail size-thumbnail\" alt=\"\" aria-describedby=\"gallery-1-448\" \/><\/a>\n\t\t\t<\/div>\n\t\t\t\t<figcaption class='wp-caption-text gallery-caption' id='gallery-1-448'>\n\t\t\t\tAnt\u00f3nio Joaquim dos Reis\n\t\t\t\t<\/figcaption><\/figure><figure class='gallery-item'>\n\t\t\t<div class='gallery-icon portrait'>\n\t\t\t\t<a data-elementor-open-lightbox=\"yes\" data-elementor-lightbox-slideshow=\"7f7cdae\" data-elementor-lightbox-title=\"ManuelAvila\" href='https:\/\/www.finisterratopo.com\/wp-content\/uploads\/2025\/08\/ManuelAvila.jpg'><img loading=\"lazy\" decoding=\"async\" width=\"102\" height=\"150\" src=\"https:\/\/www.finisterratopo.com\/wp-content\/uploads\/2025\/08\/ManuelAvila-102x150.jpg\" class=\"attachment-thumbnail size-thumbnail\" alt=\"\" aria-describedby=\"gallery-1-456\" \/><\/a>\n\t\t\t<\/div>\n\t\t\t\t<figcaption class='wp-caption-text gallery-caption' id='gallery-1-456'>\n\t\t\t\tManual Mendon\u00e7a de \u00c1vila\n\t\t\t\t<\/figcaption><\/figure><figure class='gallery-item'>\n\t\t\t<div class='gallery-icon portrait'>\n\t\t\t\t<a data-elementor-open-lightbox=\"yes\" data-elementor-lightbox-slideshow=\"7f7cdae\" data-elementor-lightbox-title=\"JoaoRamos\" href='https:\/\/www.finisterratopo.com\/wp-content\/uploads\/2025\/08\/JoaoRamos.jpg'><img loading=\"lazy\" decoding=\"async\" width=\"102\" height=\"150\" src=\"https:\/\/www.finisterratopo.com\/wp-content\/uploads\/2025\/08\/JoaoRamos-102x150.jpg\" class=\"attachment-thumbnail size-thumbnail\" alt=\"\" aria-describedby=\"gallery-1-452\" \/><\/a>\n\t\t\t<\/div>\n\t\t\t\t<figcaption class='wp-caption-text gallery-caption' id='gallery-1-452'>\n\t\t\t\tJo\u00e3o Alves dos Ramos\n\t\t\t\t<\/figcaption><\/figure><figure class='gallery-item'>\n\t\t\t<div class='gallery-icon portrait'>\n\t\t\t\t<a data-elementor-open-lightbox=\"yes\" data-elementor-lightbox-slideshow=\"7f7cdae\" data-elementor-lightbox-title=\"GuilhermeOliveira\" href='https:\/\/www.finisterratopo.com\/wp-content\/uploads\/2025\/08\/GuilhermeOliveira.jpg'><img loading=\"lazy\" decoding=\"async\" width=\"102\" height=\"150\" src=\"https:\/\/www.finisterratopo.com\/wp-content\/uploads\/2025\/08\/GuilhermeOliveira-102x150.jpg\" class=\"attachment-thumbnail size-thumbnail\" alt=\"\" aria-describedby=\"gallery-1-450\" \/><\/a>\n\t\t\t<\/div>\n\t\t\t\t<figcaption class='wp-caption-text gallery-caption' id='gallery-1-450'>\n\t\t\t\tGuilherme Lu\u00eds Oliveira\n\t\t\t\t<\/figcaption><\/figure><figure class='gallery-item'>\n\t\t\t<div class='gallery-icon portrait'>\n\t\t\t\t<a data-elementor-open-lightbox=\"yes\" data-elementor-lightbox-slideshow=\"7f7cdae\" data-elementor-lightbox-title=\"JoaoAzevedo\" href='https:\/\/www.finisterratopo.com\/wp-content\/uploads\/2025\/08\/JoaoAzevedo.jpg'><img loading=\"lazy\" decoding=\"async\" width=\"102\" height=\"150\" src=\"https:\/\/www.finisterratopo.com\/wp-content\/uploads\/2025\/08\/JoaoAzevedo-102x150.jpg\" class=\"attachment-thumbnail size-thumbnail\" alt=\"\" aria-describedby=\"gallery-1-451\" \/><\/a>\n\t\t\t<\/div>\n\t\t\t\t<figcaption class='wp-caption-text gallery-caption' id='gallery-1-451'>\n\t\t\t\tJo\u00e3o Silveira de Azevedo\n\t\t\t\t<\/figcaption><\/figure><figure class='gallery-item'>\n\t\t\t<div class='gallery-icon portrait'>\n\t\t\t\t<a data-elementor-open-lightbox=\"yes\" data-elementor-lightbox-slideshow=\"7f7cdae\" data-elementor-lightbox-title=\"JoseBelo\" href='https:\/\/www.finisterratopo.com\/wp-content\/uploads\/2025\/08\/JoseBelo.jpg'><img loading=\"lazy\" decoding=\"async\" width=\"102\" height=\"150\" src=\"https:\/\/www.finisterratopo.com\/wp-content\/uploads\/2025\/08\/JoseBelo-102x150.jpg\" class=\"attachment-thumbnail size-thumbnail\" alt=\"\" aria-describedby=\"gallery-1-453\" \/><\/a>\n\t\t\t<\/div>\n\t\t\t\t<figcaption class='wp-caption-text gallery-caption' id='gallery-1-453'>\n\t\t\t\tJos\u00e9 Nunes Belo\n\t\t\t\t<\/figcaption><\/figure><figure class='gallery-item'>\n\t\t\t<div class='gallery-icon portrait'>\n\t\t\t\t<a data-elementor-open-lightbox=\"yes\" data-elementor-lightbox-slideshow=\"7f7cdae\" data-elementor-lightbox-title=\"ManuelMatos\" href='https:\/\/www.finisterratopo.com\/wp-content\/uploads\/2025\/08\/ManuelMatos.jpg'><img loading=\"lazy\" decoding=\"async\" width=\"102\" height=\"150\" src=\"https:\/\/www.finisterratopo.com\/wp-content\/uploads\/2025\/08\/ManuelMatos-102x150.jpg\" class=\"attachment-thumbnail size-thumbnail\" alt=\"\" aria-describedby=\"gallery-1-458\" \/><\/a>\n\t\t\t<\/div>\n\t\t\t\t<figcaption class='wp-caption-text gallery-caption' id='gallery-1-458'>\n\t\t\t\tManuel C\u00e2ndido de Matos\n\t\t\t\t<\/figcaption><\/figure><figure class='gallery-item'>\n\t\t\t<div class='gallery-icon portrait'>\n\t\t\t\t<a data-elementor-open-lightbox=\"yes\" data-elementor-lightbox-slideshow=\"7f7cdae\" data-elementor-lightbox-title=\"VictorBrasil\" href='https:\/\/www.finisterratopo.com\/wp-content\/uploads\/2025\/08\/VictorBrasil.jpg'><img loading=\"lazy\" decoding=\"async\" width=\"102\" height=\"150\" src=\"https:\/\/www.finisterratopo.com\/wp-content\/uploads\/2025\/08\/VictorBrasil-102x150.jpg\" class=\"attachment-thumbnail size-thumbnail\" alt=\"\" aria-describedby=\"gallery-1-459\" \/><\/a>\n\t\t\t<\/div>\n\t\t\t\t<figcaption class='wp-caption-text gallery-caption' id='gallery-1-459'>\n\t\t\t\tVictor Betterncourt Brasil\n\t\t\t\t<\/figcaption><\/figure><figure class='gallery-item'>\n\t\t\t<div class='gallery-icon portrait'>\n\t\t\t\t<a data-elementor-open-lightbox=\"yes\" data-elementor-lightbox-slideshow=\"7f7cdae\" data-elementor-lightbox-title=\"AntonioFrancisco\" href='https:\/\/www.finisterratopo.com\/wp-content\/uploads\/2025\/08\/AntonioFrancisco.jpg'><img loading=\"lazy\" decoding=\"async\" width=\"102\" height=\"150\" src=\"https:\/\/www.finisterratopo.com\/wp-content\/uploads\/2025\/08\/AntonioFrancisco-102x150.jpg\" class=\"attachment-thumbnail size-thumbnail\" alt=\"\" aria-describedby=\"gallery-1-446\" \/><\/a>\n\t\t\t<\/div>\n\t\t\t\t<figcaption class='wp-caption-text gallery-caption' id='gallery-1-446'>\n\t\t\t\tAnt\u00f3nio Joaquim Francisco\n\t\t\t\t<\/figcaption><\/figure><figure class='gallery-item'>\n\t\t\t<div class='gallery-icon portrait'>\n\t\t\t\t<a data-elementor-open-lightbox=\"yes\" data-elementor-lightbox-slideshow=\"7f7cdae\" data-elementor-lightbox-title=\"JoseBrasil\" href='https:\/\/www.finisterratopo.com\/wp-content\/uploads\/2025\/08\/JoseBrasil.jpg'><img loading=\"lazy\" decoding=\"async\" width=\"102\" height=\"150\" src=\"https:\/\/www.finisterratopo.com\/wp-content\/uploads\/2025\/08\/JoseBrasil-102x150.jpg\" class=\"attachment-thumbnail size-thumbnail\" alt=\"\" aria-describedby=\"gallery-1-454\" \/><\/a>\n\t\t\t<\/div>\n\t\t\t\t<figcaption class='wp-caption-text gallery-caption' id='gallery-1-454'>\n\t\t\t\tJos\u00e9 Brasil Aguiar\n\t\t\t\t<\/figcaption><\/figure><figure class='gallery-item'>\n\t\t\t<div class='gallery-icon portrait'>\n\t\t\t\t<a data-elementor-open-lightbox=\"yes\" data-elementor-lightbox-slideshow=\"7f7cdae\" data-elementor-lightbox-title=\"AntonioLeonardes\" href='https:\/\/www.finisterratopo.com\/wp-content\/uploads\/2025\/08\/AntonioLeonardes.jpg'><img loading=\"lazy\" decoding=\"async\" width=\"102\" height=\"150\" src=\"https:\/\/www.finisterratopo.com\/wp-content\/uploads\/2025\/08\/AntonioLeonardes-102x150.jpg\" class=\"attachment-thumbnail size-thumbnail\" alt=\"\" aria-describedby=\"gallery-1-447\" \/><\/a>\n\t\t\t<\/div>\n\t\t\t\t<figcaption class='wp-caption-text gallery-caption' id='gallery-1-447'>\n\t\t\t\tAnt\u00f3nio Silveira Leonardo\n\t\t\t\t<\/figcaption><\/figure>\n\t\t<\/div>\n\t\t<\/div>\r\n\t\t\t\t<\/div>\r\n\t\t\t\t<\/div>\r\n\t\t\t\t<div class=\"elementor-element elementor-element-1ef8ac6 elementor-widget elementor-widget-text-editor\" data-id=\"1ef8ac6\" data-element_type=\"widget\" data-widget_type=\"text-editor.default\">\r\n\t\t\t\t<div class=\"elementor-widget-container\">\r\n\t\t\t\t\t\t\t\t<p>OS PRESIDENTES DA DIRE\u00c7\u00c3O DA FINISTERRA<\/p>\t\t\t\t\t\t<\/div>\r\n\t\t\t\t<\/div>\r\n\t\t\t\t<div class=\"elementor-element elementor-element-91c3d5f elementor-widget elementor-widget-image-gallery\" data-id=\"91c3d5f\" data-element_type=\"widget\" data-widget_type=\"image-gallery.default\">\r\n\t\t\t\t<div class=\"elementor-widget-container\">\r\n\t\t\t\t\t<div class=\"elementor-image-gallery\">\r\n\t\t\t<div id='gallery-2' class='gallery galleryid-445 gallery-columns-4 gallery-size-thumbnail'><figure class='gallery-item'>\n\t\t\t<div class='gallery-icon portrait'>\n\t\t\t\t<a data-elementor-open-lightbox=\"yes\" data-elementor-lightbox-slideshow=\"91c3d5f\" data-elementor-lightbox-title=\"GermanoGomes-1\" href='https:\/\/www.finisterratopo.com\/wp-content\/uploads\/2025\/08\/GermanoGomes-1.jpg'><img loading=\"lazy\" decoding=\"async\" width=\"102\" height=\"150\" src=\"https:\/\/www.finisterratopo.com\/wp-content\/uploads\/2025\/08\/GermanoGomes-1-102x150.jpg\" class=\"attachment-thumbnail size-thumbnail\" alt=\"\" aria-describedby=\"gallery-2-460\" \/><\/a>\n\t\t\t<\/div>\n\t\t\t\t<figcaption class='wp-caption-text gallery-caption' id='gallery-2-460'>\n\t\t\t\tGermano Gomes\n\t\t\t\t<\/figcaption><\/figure><figure class='gallery-item'>\n\t\t\t<div class='gallery-icon portrait'>\n\t\t\t\t<a data-elementor-open-lightbox=\"yes\" data-elementor-lightbox-slideshow=\"91c3d5f\" data-elementor-lightbox-title=\"ManuelAvila-1\" href='https:\/\/www.finisterratopo.com\/wp-content\/uploads\/2025\/08\/ManuelAvila-1.jpg'><img loading=\"lazy\" decoding=\"async\" width=\"102\" height=\"150\" src=\"https:\/\/www.finisterratopo.com\/wp-content\/uploads\/2025\/08\/ManuelAvila-1-102x150.jpg\" class=\"attachment-thumbnail size-thumbnail\" alt=\"\" aria-describedby=\"gallery-2-467\" \/><\/a>\n\t\t\t<\/div>\n\t\t\t\t<figcaption class='wp-caption-text gallery-caption' id='gallery-2-467'>\n\t\t\t\tManuel Mendo\u00e7a de \u00c1vila\n\t\t\t\t<\/figcaption><\/figure><figure class='gallery-item'>\n\t\t\t<div class='gallery-icon portrait'>\n\t\t\t\t<a data-elementor-open-lightbox=\"yes\" data-elementor-lightbox-slideshow=\"91c3d5f\" data-elementor-lightbox-title=\"JoseBorges\" href='https:\/\/www.finisterratopo.com\/wp-content\/uploads\/2025\/08\/JoseBorges.jpg'><img loading=\"lazy\" decoding=\"async\" width=\"102\" height=\"150\" src=\"https:\/\/www.finisterratopo.com\/wp-content\/uploads\/2025\/08\/JoseBorges-102x150.jpg\" class=\"attachment-thumbnail size-thumbnail\" alt=\"\" aria-describedby=\"gallery-2-462\" \/><\/a>\n\t\t\t<\/div>\n\t\t\t\t<figcaption class='wp-caption-text gallery-caption' id='gallery-2-462'>\n\t\t\t\tJos\u00e9 Joaquim Borges Jr.\n\t\t\t\t<\/figcaption><\/figure><figure class='gallery-item'>\n\t\t\t<div class='gallery-icon portrait'>\n\t\t\t\t<a data-elementor-open-lightbox=\"yes\" data-elementor-lightbox-slideshow=\"91c3d5f\" data-elementor-lightbox-title=\"JoseRamos\" href='https:\/\/www.finisterratopo.com\/wp-content\/uploads\/2025\/08\/JoseRamos.jpg'><img loading=\"lazy\" decoding=\"async\" width=\"102\" height=\"150\" src=\"https:\/\/www.finisterratopo.com\/wp-content\/uploads\/2025\/08\/JoseRamos-102x150.jpg\" class=\"attachment-thumbnail size-thumbnail\" alt=\"\" aria-describedby=\"gallery-2-465\" \/><\/a>\n\t\t\t<\/div>\n\t\t\t\t<figcaption class='wp-caption-text gallery-caption' id='gallery-2-465'>\n\t\t\t\tJos\u00e9 Tom\u00e1s Ramos\n\t\t\t\t<\/figcaption><\/figure><figure class='gallery-item'>\n\t\t\t<div class='gallery-icon portrait'>\n\t\t\t\t<a data-elementor-open-lightbox=\"yes\" data-elementor-lightbox-slideshow=\"91c3d5f\" data-elementor-lightbox-title=\"JoseNunes-1\" href='https:\/\/www.finisterratopo.com\/wp-content\/uploads\/2025\/08\/JoseNunes-1.jpg'><img loading=\"lazy\" decoding=\"async\" width=\"102\" height=\"150\" src=\"https:\/\/www.finisterratopo.com\/wp-content\/uploads\/2025\/08\/JoseNunes-1-102x150.jpg\" class=\"attachment-thumbnail size-thumbnail\" alt=\"\" aria-describedby=\"gallery-2-464\" \/><\/a>\n\t\t\t<\/div>\n\t\t\t\t<figcaption class='wp-caption-text gallery-caption' id='gallery-2-464'>\n\t\t\t\tJos\u00e9 Tom\u00e1s Nunes\n\t\t\t\t<\/figcaption><\/figure><figure class='gallery-item'>\n\t\t\t<div class='gallery-icon portrait'>\n\t\t\t\t<a data-elementor-open-lightbox=\"yes\" data-elementor-lightbox-slideshow=\"91c3d5f\" data-elementor-lightbox-title=\"JoseCoelho\" href='https:\/\/www.finisterratopo.com\/wp-content\/uploads\/2025\/08\/JoseCoelho.jpg'><img loading=\"lazy\" decoding=\"async\" width=\"102\" height=\"150\" src=\"https:\/\/www.finisterratopo.com\/wp-content\/uploads\/2025\/08\/JoseCoelho-102x150.jpg\" class=\"attachment-thumbnail size-thumbnail\" alt=\"\" aria-describedby=\"gallery-2-463\" \/><\/a>\n\t\t\t<\/div>\n\t\t\t\t<figcaption class='wp-caption-text gallery-caption' id='gallery-2-463'>\n\t\t\t\tJos\u00e9 Lu\u00eds Coelho\n\t\t\t\t<\/figcaption><\/figure><figure class='gallery-item'>\n\t\t\t<div class='gallery-icon portrait'>\n\t\t\t\t<a data-elementor-open-lightbox=\"yes\" data-elementor-lightbox-slideshow=\"91c3d5f\" data-elementor-lightbox-title=\"ManuelSilveira-e1482195291641\" href='https:\/\/www.finisterratopo.com\/wp-content\/uploads\/2025\/08\/ManuelSilveira-e1482195291641.jpg'><img loading=\"lazy\" decoding=\"async\" width=\"102\" height=\"150\" src=\"https:\/\/www.finisterratopo.com\/wp-content\/uploads\/2025\/08\/ManuelSilveira-e1482195291641-102x150.jpg\" class=\"attachment-thumbnail size-thumbnail\" alt=\"\" aria-describedby=\"gallery-2-468\" \/><\/a>\n\t\t\t<\/div>\n\t\t\t\t<figcaption class='wp-caption-text gallery-caption' id='gallery-2-468'>\n\t\t\t\tManuel dos Santos Silveira\n\t\t\t\t<\/figcaption><\/figure><figure class='gallery-item'>\n\t\t\t<div class='gallery-icon portrait'>\n\t\t\t\t<a data-elementor-open-lightbox=\"yes\" data-elementor-lightbox-slideshow=\"91c3d5f\" data-elementor-lightbox-title=\"LourencoSilveira\" href='https:\/\/www.finisterratopo.com\/wp-content\/uploads\/2025\/08\/LourencoSilveira.jpg'><img loading=\"lazy\" decoding=\"async\" width=\"102\" height=\"150\" src=\"https:\/\/www.finisterratopo.com\/wp-content\/uploads\/2025\/08\/LourencoSilveira-102x150.jpg\" class=\"attachment-thumbnail size-thumbnail\" alt=\"\" aria-describedby=\"gallery-2-466\" \/><\/a>\n\t\t\t<\/div>\n\t\t\t\t<figcaption class='wp-caption-text gallery-caption' id='gallery-2-466'>\n\t\t\t\tLouren\u00e7o Ventura da Silveira\n\t\t\t\t<\/figcaption><\/figure><figure class='gallery-item'>\n\t\t\t<div class='gallery-icon portrait'>\n\t\t\t\t<a data-elementor-open-lightbox=\"yes\" data-elementor-lightbox-slideshow=\"91c3d5f\" data-elementor-lightbox-title=\"JoseAzevedo\" href='https:\/\/www.finisterratopo.com\/wp-content\/uploads\/2025\/08\/JoseAzevedo.jpg'><img loading=\"lazy\" decoding=\"async\" width=\"102\" height=\"150\" src=\"https:\/\/www.finisterratopo.com\/wp-content\/uploads\/2025\/08\/JoseAzevedo-102x150.jpg\" class=\"attachment-thumbnail size-thumbnail\" alt=\"\" aria-describedby=\"gallery-2-461\" \/><\/a>\n\t\t\t<\/div>\n\t\t\t\t<figcaption class='wp-caption-text gallery-caption' id='gallery-2-461'>\n\t\t\t\tJos\u00e9 Leovedildo S. Azevedo\n\t\t\t\t<\/figcaption><\/figure>\n\t\t<\/div>\n\t\t<\/div>\r\n\t\t\t\t<\/div>\r\n\t\t\t\t<\/div>\r\n\t\t\t\t\t<\/div>\r\n\t\t<\/div>\r\n\t\t\t\t<div class=\"elementor-column elementor-col-50 elementor-top-column elementor-element elementor-element-f3f7ec7\" data-id=\"f3f7ec7\" data-element_type=\"column\">\r\n\t\t\t<div class=\"elementor-widget-wrap elementor-element-populated\">\r\n\t\t\t\t\t\t\t\t<div class=\"elementor-element elementor-element-9681d79 elementor-widget elementor-widget-image\" data-id=\"9681d79\" data-element_type=\"widget\" data-widget_type=\"image.default\">\r\n\t\t\t\t<div class=\"elementor-widget-container\">\r\n\t\t\t\t\t\t\t\t\t\t\t\t\t\t\t<img loading=\"lazy\" decoding=\"async\" width=\"324\" height=\"246\" src=\"https:\/\/www.finisterratopo.com\/wp-content\/uploads\/2025\/08\/Screenshot_2.jpg\" class=\"attachment-large size-large\" alt=\"\" srcset=\"https:\/\/www.finisterratopo.com\/wp-content\/uploads\/2025\/08\/Screenshot_2.jpg 324w, https:\/\/www.finisterratopo.com\/wp-content\/uploads\/2025\/08\/Screenshot_2-300x228.jpg 300w\" sizes=\"auto, (max-width: 324px) 100vw, 324px\" \/>\t\t\t\t\t\t\t\t\t\t\t\t\t\t\t<\/div>\r\n\t\t\t\t<\/div>\r\n\t\t\t\t<div class=\"elementor-element elementor-element-32a9194 elementor-widget elementor-widget-image\" data-id=\"32a9194\" data-element_type=\"widget\" data-widget_type=\"image.default\">\r\n\t\t\t\t<div class=\"elementor-widget-container\">\r\n\t\t\t\t\t\t\t\t\t\t\t\t\t\t\t<img loading=\"lazy\" decoding=\"async\" width=\"331\" height=\"252\" src=\"https:\/\/www.finisterratopo.com\/wp-content\/uploads\/2025\/08\/2c-1.jpg\" class=\"attachment-large size-large\" alt=\"\" srcset=\"https:\/\/www.finisterratopo.com\/wp-content\/uploads\/2025\/08\/2c-1.jpg 331w, https:\/\/www.finisterratopo.com\/wp-content\/uploads\/2025\/08\/2c-1-300x228.jpg 300w\" sizes=\"auto, (max-width: 331px) 100vw, 331px\" \/>\t\t\t\t\t\t\t\t\t\t\t\t\t\t\t<\/div>\r\n\t\t\t\t<\/div>\r\n\t\t\t\t<div class=\"elementor-element elementor-element-8aef03e elementor-widget elementor-widget-image\" data-id=\"8aef03e\" data-element_type=\"widget\" data-widget_type=\"image.default\">\r\n\t\t\t\t<div class=\"elementor-widget-container\">\r\n\t\t\t\t\t\t\t\t\t\t\t\t\t\t\t<img loading=\"lazy\" decoding=\"async\" width=\"324\" height=\"248\" src=\"https:\/\/www.finisterratopo.com\/wp-content\/uploads\/2025\/08\/Screenshot_1.jpg\" class=\"attachment-large size-large\" alt=\"\" srcset=\"https:\/\/www.finisterratopo.com\/wp-content\/uploads\/2025\/08\/Screenshot_1.jpg 324w, https:\/\/www.finisterratopo.com\/wp-content\/uploads\/2025\/08\/Screenshot_1-300x230.jpg 300w\" sizes=\"auto, (max-width: 324px) 100vw, 324px\" \/>\t\t\t\t\t\t\t\t\t\t\t\t\t\t\t<\/div>\r\n\t\t\t\t<\/div>\r\n\t\t\t\t\t<\/div>\r\n\t\t<\/div>\r\n\t\t\t\t\t\t\t<\/div>\r\n\t\t<\/section>\r\n\t\t\t\t\t\t<\/div>\r\n\t\t\t\t\t<\/div>\r\n\t\t","protected":false},"excerpt":{"rendered":"<p>Hist\u00f3ria AS ORIGENS A\u00a0Finisterra \u2013 Cooperativa de Lactic\u00ednios do Topo, CRL\u00a0foi fundada a 22 de Maio de 1944, constituindo-se desde ent\u00e3o como uma institui\u00e7\u00e3o de primeira linha local em termos econ\u00f3micos, mas tamb\u00e9m sociais e at\u00e9 culturais, assumindo a promo\u00e7\u00e3o da cultura do cooperativismo junto da nossa comunidade. Foram fundadores da institui\u00e7\u00e3o: Germano Jos\u00e9 Gomes, [&hellip;]<\/p>\n","protected":false},"author":1,"featured_media":0,"parent":0,"menu_order":0,"comment_status":"closed","ping_status":"closed","template":"","meta":{"footnotes":""},"class_list":["post-445","page","type-page","status-publish","hentry"],"_links":{"self":[{"href":"https:\/\/www.finisterratopo.com\/index.php?rest_route=\/wp\/v2\/pages\/445","targetHints":{"allow":["GET"]}}],"collection":[{"href":"https:\/\/www.finisterratopo.com\/index.php?rest_route=\/wp\/v2\/pages"}],"about":[{"href":"https:\/\/www.finisterratopo.com\/index.php?rest_route=\/wp\/v2\/types\/page"}],"author":[{"embeddable":true,"href":"https:\/\/www.finisterratopo.com\/index.php?rest_route=\/wp\/v2\/users\/1"}],"replies":[{"embeddable":true,"href":"https:\/\/www.finisterratopo.com\/index.php?rest_route=%2Fwp%2Fv2%2Fcomments&post=445"}],"version-history":[{"count":19,"href":"https:\/\/www.finisterratopo.com\/index.php?rest_route=\/wp\/v2\/pages\/445\/revisions"}],"predecessor-version":[{"id":794,"href":"https:\/\/www.finisterratopo.com\/index.php?rest_route=\/wp\/v2\/pages\/445\/revisions\/794"}],"wp:attachment":[{"href":"https:\/\/www.finisterratopo.com\/index.php?rest_route=%2Fwp%2Fv2%2Fmedia&parent=445"}],"curies":[{"name":"wp","href":"https:\/\/api.w.org\/{rel}","templated":true}]}}