{"id":477,"date":"2025-08-26T13:53:44","date_gmt":"2025-08-26T16:53:44","guid":{"rendered":"https:\/\/www.finisterratopo.com\/?page_id=477"},"modified":"2025-08-26T13:55:53","modified_gmt":"2025-08-26T16:55:53","slug":"orgaos-sociais","status":"publish","type":"page","link":"https:\/\/www.finisterratopo.com\/?page_id=477","title":{"rendered":"\u00d3rg\u00e3os Sociais"},"content":{"rendered":"\t\t<div data-elementor-type=\"wp-page\" data-elementor-id=\"477\" class=\"elementor elementor-477\" data-elementor-settings=\"[]\">\r\n\t\t\t\t\t\t\t<div class=\"elementor-section-wrap\">\r\n\t\t\t\t\t\t\t<section class=\"elementor-section elementor-top-section elementor-element elementor-element-f99a213 elementor-section-boxed elementor-section-height-default elementor-section-height-default\" data-id=\"f99a213\" data-element_type=\"section\">\r\n\t\t\t\t\t\t<div class=\"elementor-container elementor-column-gap-default\">\r\n\t\t\t\t\t<div class=\"elementor-column elementor-col-100 elementor-top-column elementor-element elementor-element-c8f41e8\" data-id=\"c8f41e8\" data-element_type=\"column\">\r\n\t\t\t<div class=\"elementor-widget-wrap elementor-element-populated\">\r\n\t\t\t\t\t\t\t\t<div class=\"elementor-element elementor-element-7ef94e7 animated-slow elementor-invisible elementor-widget elementor-widget-heading\" data-id=\"7ef94e7\" data-element_type=\"widget\" data-settings=\"{&quot;_animation&quot;:&quot;fadeInRight&quot;}\" data-widget_type=\"heading.default\">\r\n\t\t\t\t<div class=\"elementor-widget-container\">\r\n\t\t\t<h2 class=\"elementor-heading-title elementor-size-default\">\u00d3rg\u00e3os Sociais<\/h2>\t\t<\/div>\r\n\t\t\t\t<\/div>\r\n\t\t\t\t\t<\/div>\r\n\t\t<\/div>\r\n\t\t\t\t\t\t\t<\/div>\r\n\t\t<\/section>\r\n\t\t\t\t<section class=\"elementor-section elementor-top-section elementor-element elementor-element-ee099d9 elementor-section-boxed elementor-section-height-default elementor-section-height-default\" data-id=\"ee099d9\" data-element_type=\"section\">\r\n\t\t\t\t\t\t<div class=\"elementor-container elementor-column-gap-default\">\r\n\t\t\t\t\t<div class=\"elementor-column elementor-col-33 elementor-top-column elementor-element elementor-element-bece037\" data-id=\"bece037\" data-element_type=\"column\">\r\n\t\t\t<div class=\"elementor-widget-wrap elementor-element-populated\">\r\n\t\t\t\t\t\t\t\t<div class=\"elementor-element elementor-element-a7b7173 elementor-widget elementor-widget-text-editor\" data-id=\"a7b7173\" data-element_type=\"widget\" data-widget_type=\"text-editor.default\">\r\n\t\t\t\t<div class=\"elementor-widget-container\">\r\n\t\t\t\t\t\t\t\t<p>ASSEMBLEIA GERAL<\/p>\t\t\t\t\t\t<\/div>\r\n\t\t\t\t<\/div>\r\n\t\t\t\t<div class=\"elementor-element elementor-element-6796145 elementor-widget elementor-widget-text-editor\" data-id=\"6796145\" data-element_type=\"widget\" data-widget_type=\"text-editor.default\">\r\n\t\t\t\t<div class=\"elementor-widget-container\">\r\n\t\t\t\t\t\t\t\t<p><strong>PRESIDENTE:<\/strong>\u00a0Joaquim Oliveira de Borba<br \/><strong>VICE-PRESIDENTE:<\/strong>\u00a0Carlos Manuel Brasil<br \/><strong>SECRET\u00c1RIO:<\/strong>\u00a0Jos\u00e9 Brasil Lopes<\/p>\t\t\t\t\t\t<\/div>\r\n\t\t\t\t<\/div>\r\n\t\t\t\t\t<\/div>\r\n\t\t<\/div>\r\n\t\t\t\t<div class=\"elementor-column elementor-col-33 elementor-top-column elementor-element elementor-element-71d0104\" data-id=\"71d0104\" data-element_type=\"column\">\r\n\t\t\t<div class=\"elementor-widget-wrap elementor-element-populated\">\r\n\t\t\t\t\t\t\t\t<div class=\"elementor-element elementor-element-6ef7525 elementor-widget elementor-widget-text-editor\" data-id=\"6ef7525\" data-element_type=\"widget\" data-widget_type=\"text-editor.default\">\r\n\t\t\t\t<div class=\"elementor-widget-container\">\r\n\t\t\t\t\t\t\t\t<p>CONSELHO DE ADMINISTRA\u00c7\u00c3O<\/p>\t\t\t\t\t\t<\/div>\r\n\t\t\t\t<\/div>\r\n\t\t\t\t<div class=\"elementor-element elementor-element-e629391 elementor-widget elementor-widget-text-editor\" data-id=\"e629391\" data-element_type=\"widget\" data-widget_type=\"text-editor.default\">\r\n\t\t\t\t<div class=\"elementor-widget-container\">\r\n\t\t\t\t\t\t\t\t<p><strong>PRESIDENTE:<\/strong>\u00a0Ant\u00f3nio Aguiar<br \/><strong>VICE-PRESIDENTE:<\/strong>\u00a0Alfredo Brasil Cardoso<br \/><strong>VOGAL:<\/strong>\u00a0Carlos Alberto Cabral<br \/><strong>SUPLENTES:<\/strong><br \/>Ant\u00f3nio Manuel Brasil Azevedo<br \/>Jos\u00e9 Duarte Bettencourt Matias<\/p>\t\t\t\t\t\t<\/div>\r\n\t\t\t\t<\/div>\r\n\t\t\t\t\t<\/div>\r\n\t\t<\/div>\r\n\t\t\t\t<div class=\"elementor-column elementor-col-33 elementor-top-column elementor-element elementor-element-c764ca1\" data-id=\"c764ca1\" data-element_type=\"column\">\r\n\t\t\t<div class=\"elementor-widget-wrap elementor-element-populated\">\r\n\t\t\t\t\t\t\t\t<div class=\"elementor-element elementor-element-75d285e elementor-widget elementor-widget-text-editor\" data-id=\"75d285e\" data-element_type=\"widget\" data-widget_type=\"text-editor.default\">\r\n\t\t\t\t<div class=\"elementor-widget-container\">\r\n\t\t\t\t\t\t\t\t<p>CONSELHO DE ADMINISTRA\u00c7\u00c3O<\/p>\t\t\t\t\t\t<\/div>\r\n\t\t\t\t<\/div>\r\n\t\t\t\t<div class=\"elementor-element elementor-element-f1d5bea elementor-widget elementor-widget-text-editor\" data-id=\"f1d5bea\" data-element_type=\"widget\" data-widget_type=\"text-editor.default\">\r\n\t\t\t\t<div class=\"elementor-widget-container\">\r\n\t\t\t\t\t\t\t\t<p><strong>PRESIDENTE:<\/strong>\u00a0Jos\u00e9 Manuel Azevedo Brasil<br \/><strong>VOGAIS:<\/strong><br \/>Lu\u00eds Manuel Brasil Bettencourt<br \/>Heduino Manuel Brasil Azevedo<br \/><strong>SUPLENTES:<\/strong><br \/>Ernesto Manuel Borges Brasil<br \/>Paulo Maximino Brasil Correia<\/p>\t\t\t\t\t\t<\/div>\r\n\t\t\t\t<\/div>\r\n\t\t\t\t\t<\/div>\r\n\t\t<\/div>\r\n\t\t\t\t\t\t\t<\/div>\r\n\t\t<\/section>\r\n\t\t\t\t\t\t<\/div>\r\n\t\t\t\t\t<\/div>\r\n\t\t","protected":false},"excerpt":{"rendered":"<p>\u00d3rg\u00e3os Sociais ASSEMBLEIA GERAL PRESIDENTE:\u00a0Joaquim Oliveira de BorbaVICE-PRESIDENTE:\u00a0Carlos Manuel BrasilSECRET\u00c1RIO:\u00a0Jos\u00e9 Brasil Lopes CONSELHO DE ADMINISTRA\u00c7\u00c3O PRESIDENTE:\u00a0Ant\u00f3nio AguiarVICE-PRESIDENTE:\u00a0Alfredo Brasil CardosoVOGAL:\u00a0Carlos Alberto CabralSUPLENTES:Ant\u00f3nio Manuel Brasil AzevedoJos\u00e9 Duarte Bettencourt Matias CONSELHO DE ADMINISTRA\u00c7\u00c3O PRESIDENTE:\u00a0Jos\u00e9 Manuel Azevedo BrasilVOGAIS:Lu\u00eds Manuel Brasil BettencourtHeduino Manuel Brasil AzevedoSUPLENTES:Ernesto Manuel Borges BrasilPaulo Maximino Brasil Correia<\/p>\n","protected":false},"author":1,"featured_media":0,"parent":0,"menu_order":0,"comment_status":"closed","ping_status":"closed","template":"","meta":{"footnotes":""},"class_list":["post-477","page","type-page","status-publish","hentry"],"_links":{"self":[{"href":"https:\/\/www.finisterratopo.com\/index.php?rest_route=\/wp\/v2\/pages\/477","targetHints":{"allow":["GET"]}}],"collection":[{"href":"https:\/\/www.finisterratopo.com\/index.php?rest_route=\/wp\/v2\/pages"}],"about":[{"href":"https:\/\/www.finisterratopo.com\/index.php?rest_route=\/wp\/v2\/types\/page"}],"author":[{"embeddable":true,"href":"https:\/\/www.finisterratopo.com\/index.php?rest_route=\/wp\/v2\/users\/1"}],"replies":[{"embeddable":true,"href":"https:\/\/www.finisterratopo.com\/index.php?rest_route=%2Fwp%2Fv2%2Fcomments&post=477"}],"version-history":[{"count":4,"href":"https:\/\/www.finisterratopo.com\/index.php?rest_route=\/wp\/v2\/pages\/477\/revisions"}],"predecessor-version":[{"id":481,"href":"https:\/\/www.finisterratopo.com\/index.php?rest_route=\/wp\/v2\/pages\/477\/revisions\/481"}],"wp:attachment":[{"href":"https:\/\/www.finisterratopo.com\/index.php?rest_route=%2Fwp%2Fv2%2Fmedia&parent=477"}],"curies":[{"name":"wp","href":"https:\/\/api.w.org\/{rel}","templated":true}]}}